{"id":5616,"date":"2023-11-21T13:28:58","date_gmt":"2023-11-21T16:28:58","guid":{"rendered":"https:\/\/aymaramendoza.com.ar\/?post_type=product&#038;p=5616"},"modified":"2024-10-02T11:25:28","modified_gmt":"2024-10-02T14:25:28","slug":"valle-de-las-lenas","status":"publish","type":"product","link":"https:\/\/aymaramendoza.com.ar\/pt\/servicios\/valle-de-las-lenas\/","title":{"rendered":"VALE DE LAS LE\u00d1AS"},"content":{"rendered":"<p>A 207 km ao sul de San Rafael, se revela o impressionante Vale de Las Le\u00f1as, lar do maior centro de esqui da am\u00e9rica do Sul. O caminho para este para\u00edso de inverno nos mergulha em uma jornada fascinante. Iniciamos nosso curso, explorando as Salinas do Diamante e Os Parlamentos, culminando em El Sosneado, lugar que, al\u00e9m de sua beleza natural, abriga a mem\u00f3ria do acidente do avi\u00e3o dos rugbiers uruguaios.<\/p>\n<p>A viagem continua ao atravessar o majestoso Rio Atuel, marcando o limite natural com o departamento de Malarg\u00fce. Ao longo desta viagem, as paradas estrat\u00e9gicas nos convidam a maravilhar-nos com pontos tur\u00edsticos como o Mirante do Infiernillo, oferecendo uma vista panor\u00e2mica de tirar o f\u00f4lego. A Lagoa da Menina Encantada, com sua serenidade \u00fanica, e o tema, Po\u00e7o das Almas, com seu misterioso apelo, s\u00e3o paragens obrigat\u00f3rias que enriquecem a nossa experi\u00eancia.<\/p>\n<p>Al adentrarnos en el Valle de Las Le\u00f1as, nos enfrentamos a la majestuosidad de sus 29 pistas de esqu\u00ed, que abarcan m\u00e1s de 65 km esquiables. Este paisaje invernal se complementa con una variada oferta de alojamientos, desde hoteles de lujo hasta acogedores apartamentos y dormitorios compartidos, asegurando una experiencia a medida para todos los visitantes.<\/p>\n<p>Tempo livre para desfrutar de 4 horas aproximadamente.<\/p>\n<p><span data-sheets-root=\"1\" data-sheets-value=\"{&quot;1&quot;:2,&quot;2&quot;:&quot;Salidas: Martes y Viernes &quot;}\" data-sheets-userformat=\"{&quot;2&quot;:4859,&quot;3&quot;:{&quot;1&quot;:0},&quot;4&quot;:{&quot;1&quot;:2,&quot;2&quot;:16777215},&quot;6&quot;:{&quot;1&quot;:[{&quot;1&quot;:2,&quot;2&quot;:0,&quot;5&quot;:{&quot;1&quot;:2,&quot;2&quot;:0}},{&quot;1&quot;:0,&quot;2&quot;:0,&quot;3&quot;:3},{&quot;1&quot;:1,&quot;2&quot;:0,&quot;4&quot;:1}]},&quot;7&quot;:{&quot;1&quot;:[{&quot;1&quot;:2,&quot;2&quot;:0,&quot;5&quot;:{&quot;1&quot;:2,&quot;2&quot;:0}},{&quot;1&quot;:0,&quot;2&quot;:0,&quot;3&quot;:3},{&quot;1&quot;:1,&quot;2&quot;:0,&quot;4&quot;:1}]},&quot;8&quot;:{&quot;1&quot;:[{&quot;1&quot;:2,&quot;2&quot;:0,&quot;5&quot;:{&quot;1&quot;:2,&quot;2&quot;:0}},{&quot;1&quot;:0,&quot;2&quot;:0,&quot;3&quot;:3},{&quot;1&quot;:1,&quot;2&quot;:0,&quot;4&quot;:1}]},&quot;9&quot;:1,&quot;10&quot;:2,&quot;12&quot;:0,&quot;15&quot;:&quot;Calibri&quot;}\" data-sheets-textstyleruns=\"{&quot;1&quot;:0}\uee10{&quot;1&quot;:26,&quot;2&quot;:{&quot;2&quot;:{&quot;1&quot;:2,&quot;2&quot;:16711680},&quot;4&quot;:11,&quot;5&quot;:1}}\"><strong>Sa\u00eddas:<\/strong> Ter\u00e7a-feira e Sexta-feira<br \/>\n<\/span><strong>Servi\u00e7o inclui:\u00a0<\/strong> guia profissional, ve\u00edculo com ar condicionado e lanche a bordo<br \/>\n<strong>Percurso aproximado:<\/strong>\u00a0420 Km.<br \/>\n<strong>Dura\u00e7\u00e3o:<\/strong>\u00a0Todo o dia<\/p>\n<p>Nota: Salida solamente desde San Rafael<\/p>","protected":false},"excerpt":{"rendered":"<p>Prep\u00e1rate para sumergirte en la magia de Las Le\u00f1as y disfrutar de una aventura \u00fanica en el coraz\u00f3n de la cordillera mendocina.<\/p>","protected":false},"featured_media":5617,"comment_status":"open","ping_status":"closed","template":"","meta":[],"product_brand":[],"product_cat":[622,100],"product_tag":[],"dias":[],"class_list":{"0":"post-5616","1":"product","2":"type-product","3":"status-publish","4":"has-post-thumbnail","6":"product_cat-malargue","7":"product_cat-naturaleza","9":"first","10":"instock","11":"shipping-taxable","12":"product-type-simple"},"booking_location":null,"booking_location_type":null,"booking_duration":null,"booking_duration_unit":null,"booking_buffer":null,"booking_cost":null,"booking_resources":null,"jetpack_sharing_enabled":true,"_links":{"self":[{"href":"https:\/\/aymaramendoza.com.ar\/pt\/wp-json\/wp\/v2\/product\/5616","targetHints":{"allow":["GET"]}}],"collection":[{"href":"https:\/\/aymaramendoza.com.ar\/pt\/wp-json\/wp\/v2\/product"}],"about":[{"href":"https:\/\/aymaramendoza.com.ar\/pt\/wp-json\/wp\/v2\/types\/product"}],"replies":[{"embeddable":true,"href":"https:\/\/aymaramendoza.com.ar\/pt\/wp-json\/wp\/v2\/comments?post=5616"}],"version-history":[{"count":3,"href":"https:\/\/aymaramendoza.com.ar\/pt\/wp-json\/wp\/v2\/product\/5616\/revisions"}],"predecessor-version":[{"id":6450,"href":"https:\/\/aymaramendoza.com.ar\/pt\/wp-json\/wp\/v2\/product\/5616\/revisions\/6450"}],"wp:featuredmedia":[{"embeddable":true,"href":"https:\/\/aymaramendoza.com.ar\/pt\/wp-json\/wp\/v2\/media\/5617"}],"wp:attachment":[{"href":"https:\/\/aymaramendoza.com.ar\/pt\/wp-json\/wp\/v2\/media?parent=5616"}],"wp:term":[{"taxonomy":"product_brand","embeddable":true,"href":"https:\/\/aymaramendoza.com.ar\/pt\/wp-json\/wp\/v2\/product_brand?post=5616"},{"taxonomy":"product_cat","embeddable":true,"href":"https:\/\/aymaramendoza.com.ar\/pt\/wp-json\/wp\/v2\/product_cat?post=5616"},{"taxonomy":"product_tag","embeddable":true,"href":"https:\/\/aymaramendoza.com.ar\/pt\/wp-json\/wp\/v2\/product_tag?post=5616"},{"taxonomy":"dias","embeddable":true,"href":"https:\/\/aymaramendoza.com.ar\/pt\/wp-json\/wp\/v2\/dias?post=5616"}],"curies":[{"name":"wp","href":"https:\/\/api.w.org\/{rel}","templated":true}]}}